{"id":423,"date":"2023-04-07T21:35:35","date_gmt":"2023-04-07T21:35:35","guid":{"rendered":"https:\/\/thermo-technik.com\/homepage\/"},"modified":"2023-09-12T09:32:44","modified_gmt":"2023-09-12T09:32:44","slug":"homepage","status":"publish","type":"page","link":"http:\/\/thermo-technik.com\/pt-pt\/","title":{"rendered":"Homepage"},"content":{"rendered":"","protected":false},"excerpt":{"rendered":"","protected":false},"author":1,"featured_media":0,"parent":0,"menu_order":0,"comment_status":"closed","ping_status":"closed","template":"","meta":{"footnotes":""},"acf":[],"yoast_head":"<!-- This site is optimized with the Yoast SEO plugin v21.5 - https:\/\/yoast.com\/wordpress\/plugins\/seo\/ -->\n<title>Homepage - Thermo Technik<\/title>\n<meta name=\"description\" content=\"Empresa tecnol\u00f3gica especializada en el dise\u00f1o y comercializaci\u00f3n de sistemas de embalaje isot\u00e9rThermo-Technik, membro do grupo A+P, nasceu com o prop\u00f3sito de oferecer solu\u00e7\u00f5es para a manuten\u00e7\u00e3o da Cadeia de Frio.\" \/>\n<meta name=\"robots\" content=\"index, follow, max-snippet:-1, max-image-preview:large, max-video-preview:-1\" \/>\n<link rel=\"canonical\" href=\"http:\/\/thermo-technik.com\/pt-pt\/\" \/>\n<meta property=\"og:locale\" content=\"pt_PT\" \/>\n<meta property=\"og:type\" content=\"article\" \/>\n<meta property=\"og:title\" content=\"Thermo Technik\" \/>\n<meta property=\"og:description\" content=\"Thermo-Technik, membro do grupo A+P, nasceu com o prop\u00f3sito de oferecer solu\u00e7\u00f5es para a manuten\u00e7\u00e3o da Cadeia de Frio. Aprendemos identificando os pontos cr\u00edticos para, em seguida, encontrar solu\u00e7\u00f5es.\" \/>\n<meta property=\"og:url\" content=\"http:\/\/thermo-technik.com\/pt-pt\/\" \/>\n<meta property=\"og:site_name\" content=\"Thermo Technik\" \/>\n<meta property=\"article:modified_time\" content=\"2023-09-12T09:32:44+00:00\" \/>\n<meta property=\"og:image\" content=\"https:\/\/thermo-technik.com\/wp-content\/uploads\/2023\/09\/facebook.png\" \/>\n\t<meta property=\"og:image:width\" content=\"1200\" \/>\n\t<meta property=\"og:image:height\" content=\"663\" \/>\n\t<meta property=\"og:image:type\" content=\"image\/png\" \/>\n<meta name=\"twitter:card\" content=\"summary_large_image\" \/>\n<meta name=\"twitter:title\" content=\"Thermo Technik\" \/>\n<meta name=\"twitter:description\" content=\"Thermo-Technik, membro do grupo A+P, nasceu com o prop\u00f3sito de oferecer solu\u00e7\u00f5es para a manuten\u00e7\u00e3o da Cadeia de Frio. Aprendemos identificando os pontos cr\u00edticos para, em seguida, encontrar solu\u00e7\u00f5es.\" \/>\n<meta name=\"twitter:image\" content=\"http:\/\/thermo-technik.com\/wp-content\/uploads\/2023\/09\/facebook.png\" \/>\n<script type=\"application\/ld+json\" class=\"yoast-schema-graph\">{\"@context\":\"https:\/\/schema.org\",\"@graph\":[{\"@type\":\"WebPage\",\"@id\":\"http:\/\/thermo-technik.com\/pt-pt\/\",\"url\":\"http:\/\/thermo-technik.com\/pt-pt\/\",\"name\":\"Homepage - Thermo Technik\",\"isPartOf\":{\"@id\":\"http:\/\/thermo-technik.com\/pt-pt\/#website\"},\"datePublished\":\"2023-04-07T21:35:35+00:00\",\"dateModified\":\"2023-09-12T09:32:44+00:00\",\"description\":\"Empresa tecnol\u00f3gica especializada en el dise\u00f1o y comercializaci\u00f3n de sistemas de embalaje isot\u00e9rThermo-Technik, membro do grupo A+P, nasceu com o prop\u00f3sito de oferecer solu\u00e7\u00f5es para a manuten\u00e7\u00e3o da Cadeia de Frio.\",\"breadcrumb\":{\"@id\":\"http:\/\/thermo-technik.com\/pt-pt\/#breadcrumb\"},\"inLanguage\":\"pt-PT\",\"potentialAction\":[{\"@type\":\"ReadAction\",\"target\":[\"http:\/\/thermo-technik.com\/pt-pt\/\"]}]},{\"@type\":\"BreadcrumbList\",\"@id\":\"http:\/\/thermo-technik.com\/pt-pt\/#breadcrumb\",\"itemListElement\":[{\"@type\":\"ListItem\",\"position\":1,\"name\":\"Portada\",\"item\":\"https:\/\/thermo-technik.com\/pt-pt\/\"},{\"@type\":\"ListItem\",\"position\":2,\"name\":\"Homepage\"}]},{\"@type\":\"WebSite\",\"@id\":\"http:\/\/thermo-technik.com\/pt-pt\/#website\",\"url\":\"http:\/\/thermo-technik.com\/pt-pt\/\",\"name\":\"Thermo Technik\",\"description\":\"\",\"potentialAction\":[{\"@type\":\"SearchAction\",\"target\":{\"@type\":\"EntryPoint\",\"urlTemplate\":\"http:\/\/thermo-technik.com\/pt-pt\/?s={search_term_string}\"},\"query-input\":\"required name=search_term_string\"}],\"inLanguage\":\"pt-PT\"}]}<\/script>\n<!-- \/ Yoast SEO plugin. -->","yoast_head_json":{"title":"Homepage - Thermo Technik","description":"Empresa tecnol\u00f3gica especializada en el dise\u00f1o y comercializaci\u00f3n de sistemas de embalaje isot\u00e9rThermo-Technik, membro do grupo A+P, nasceu com o prop\u00f3sito de oferecer solu\u00e7\u00f5es para a manuten\u00e7\u00e3o da Cadeia de Frio.","robots":{"index":"index","follow":"follow","max-snippet":"max-snippet:-1","max-image-preview":"max-image-preview:large","max-video-preview":"max-video-preview:-1"},"canonical":"http:\/\/thermo-technik.com\/pt-pt\/","og_locale":"pt_PT","og_type":"article","og_title":"Thermo Technik","og_description":"Thermo-Technik, membro do grupo A+P, nasceu com o prop\u00f3sito de oferecer solu\u00e7\u00f5es para a manuten\u00e7\u00e3o da Cadeia de Frio. Aprendemos identificando os pontos cr\u00edticos para, em seguida, encontrar solu\u00e7\u00f5es.","og_url":"http:\/\/thermo-technik.com\/pt-pt\/","og_site_name":"Thermo Technik","article_modified_time":"2023-09-12T09:32:44+00:00","og_image":[{"width":1200,"height":663,"url":"https:\/\/thermo-technik.com\/wp-content\/uploads\/2023\/09\/facebook.png","type":"image\/png"}],"twitter_card":"summary_large_image","twitter_title":"Thermo Technik","twitter_description":"Thermo-Technik, membro do grupo A+P, nasceu com o prop\u00f3sito de oferecer solu\u00e7\u00f5es para a manuten\u00e7\u00e3o da Cadeia de Frio. Aprendemos identificando os pontos cr\u00edticos para, em seguida, encontrar solu\u00e7\u00f5es.","twitter_image":"http:\/\/thermo-technik.com\/wp-content\/uploads\/2023\/09\/facebook.png","schema":{"@context":"https:\/\/schema.org","@graph":[{"@type":"WebPage","@id":"http:\/\/thermo-technik.com\/pt-pt\/","url":"http:\/\/thermo-technik.com\/pt-pt\/","name":"Homepage - Thermo Technik","isPartOf":{"@id":"http:\/\/thermo-technik.com\/pt-pt\/#website"},"datePublished":"2023-04-07T21:35:35+00:00","dateModified":"2023-09-12T09:32:44+00:00","description":"Empresa tecnol\u00f3gica especializada en el dise\u00f1o y comercializaci\u00f3n de sistemas de embalaje isot\u00e9rThermo-Technik, membro do grupo A+P, nasceu com o prop\u00f3sito de oferecer solu\u00e7\u00f5es para a manuten\u00e7\u00e3o da Cadeia de Frio.","breadcrumb":{"@id":"http:\/\/thermo-technik.com\/pt-pt\/#breadcrumb"},"inLanguage":"pt-PT","potentialAction":[{"@type":"ReadAction","target":["http:\/\/thermo-technik.com\/pt-pt\/"]}]},{"@type":"BreadcrumbList","@id":"http:\/\/thermo-technik.com\/pt-pt\/#breadcrumb","itemListElement":[{"@type":"ListItem","position":1,"name":"Portada","item":"https:\/\/thermo-technik.com\/pt-pt\/"},{"@type":"ListItem","position":2,"name":"Homepage"}]},{"@type":"WebSite","@id":"http:\/\/thermo-technik.com\/pt-pt\/#website","url":"http:\/\/thermo-technik.com\/pt-pt\/","name":"Thermo Technik","description":"","potentialAction":[{"@type":"SearchAction","target":{"@type":"EntryPoint","urlTemplate":"http:\/\/thermo-technik.com\/pt-pt\/?s={search_term_string}"},"query-input":"required name=search_term_string"}],"inLanguage":"pt-PT"}]}},"_links":{"self":[{"href":"http:\/\/thermo-technik.com\/pt-pt\/wp-json\/wp\/v2\/pages\/423"}],"collection":[{"href":"http:\/\/thermo-technik.com\/pt-pt\/wp-json\/wp\/v2\/pages"}],"about":[{"href":"http:\/\/thermo-technik.com\/pt-pt\/wp-json\/wp\/v2\/types\/page"}],"author":[{"embeddable":true,"href":"http:\/\/thermo-technik.com\/pt-pt\/wp-json\/wp\/v2\/users\/1"}],"replies":[{"embeddable":true,"href":"http:\/\/thermo-technik.com\/pt-pt\/wp-json\/wp\/v2\/comments?post=423"}],"version-history":[{"count":4,"href":"http:\/\/thermo-technik.com\/pt-pt\/wp-json\/wp\/v2\/pages\/423\/revisions"}],"predecessor-version":[{"id":468,"href":"http:\/\/thermo-technik.com\/pt-pt\/wp-json\/wp\/v2\/pages\/423\/revisions\/468"}],"wp:attachment":[{"href":"http:\/\/thermo-technik.com\/pt-pt\/wp-json\/wp\/v2\/media?parent=423"}],"curies":[{"name":"wp","href":"https:\/\/api.w.org\/{rel}","templated":true}]}}